{"id":942,"date":"2016-09-12T17:08:33","date_gmt":"2016-09-12T15:08:33","guid":{"rendered":"http:\/\/sanbartolomeysanjaime.es\/?page_id=942"},"modified":"2017-09-05T19:46:35","modified_gmt":"2017-09-05T17:46:35","slug":"taller-de-expresion-artistica-para-jovenes-dibujo-y-pintura","status":"publish","type":"page","link":"http:\/\/sanbartolomeysanjaime.es\/index.php\/nuestra-parroquia\/actividades-pastorales\/jovenes\/taller-de-expresion-artistica-para-jovenes-dibujo-y-pintura\/","title":{"rendered":"Taller de Arte para j\u00f3venes (Dibujo y Pintura)"},"content":{"rendered":"<h6 style=\"text-align: center;\">\u00a0<a href=\"http:\/\/sanbartolomeysanjaime.es\/wp-content\/uploads\/2016\/09\/Logo-Taller-de-Arte.jpg\"><img loading=\"lazy\" decoding=\"async\" class=\"alignnone size-medium wp-image-1580\" src=\"http:\/\/sanbartolomeysanjaime.es\/wp-content\/uploads\/2016\/09\/Logo-Taller-de-Arte-192x300.jpg\" alt=\"\" width=\"192\" height=\"300\" srcset=\"http:\/\/sanbartolomeysanjaime.es\/wp-content\/uploads\/2016\/09\/Logo-Taller-de-Arte-192x300.jpg 192w, http:\/\/sanbartolomeysanjaime.es\/wp-content\/uploads\/2016\/09\/Logo-Taller-de-Arte.jpg 513w\" sizes=\"(max-width: 192px) 100vw, 192px\" \/><\/a><\/h6>\n<h3 style=\"text-align: center;\">\u00a0<span style=\"color: #993300;\"><em><strong>\u00a1Vamos al encuentro de Jes\u00fas, con la Virgen Mar\u00eda, mientras dibujamos y pintamos!<\/strong><\/em><\/span><\/h3>\n<p>&nbsp;<\/p>\n<p style=\"text-align: center;\">\u00a0\u00a0<a href=\"http:\/\/sanbartolomeysanjaime.es\/wp-content\/uploads\/2017\/08\/IMG_20170801_191647.jpg\"><img loading=\"lazy\" decoding=\"async\" class=\"alignnone size-medium wp-image-1551\" src=\"http:\/\/sanbartolomeysanjaime.es\/wp-content\/uploads\/2017\/08\/IMG_20170801_191647-300x204.jpg\" alt=\"\" width=\"300\" height=\"204\" srcset=\"http:\/\/sanbartolomeysanjaime.es\/wp-content\/uploads\/2017\/08\/IMG_20170801_191647-300x204.jpg 300w, http:\/\/sanbartolomeysanjaime.es\/wp-content\/uploads\/2017\/08\/IMG_20170801_191647-768x523.jpg 768w, http:\/\/sanbartolomeysanjaime.es\/wp-content\/uploads\/2017\/08\/IMG_20170801_191647-1024x697.jpg 1024w\" sizes=\"(max-width: 300px) 100vw, 300px\" \/><\/a><\/p>\n<h5><em><span style=\"color: #993300;\">\u00bfQuieres entender m\u00e1s y mejor el sentido de la vida? Quiz\u00e1s te lo est\u00e9s preguntando y te cuesta ver claro. El Taller de Arte de la Parroquia, al mismo tiempo que te ofrece un marco para experimentar\u00a0los colores, la l\u00ednea, la pincelada&#8230; \u00a0te da la posibilidad de encontrar un espacio y un tiempo para dejarte sorprender por la verdad. \u00a1Ven y pru\u00e9balo! \u00a0<\/span><\/em><\/h5>\n<p>&nbsp;<\/p>\n<p><a href=\"http:\/\/sanbartolomeysanjaime.es\/wp-content\/uploads\/2017\/08\/IMG_20170621_164755.jpg\"><img loading=\"lazy\" decoding=\"async\" class=\"size-medium wp-image-1553 aligncenter\" src=\"http:\/\/sanbartolomeysanjaime.es\/wp-content\/uploads\/2017\/08\/IMG_20170621_164755-225x300.jpg\" alt=\"\" width=\"225\" height=\"300\" srcset=\"http:\/\/sanbartolomeysanjaime.es\/wp-content\/uploads\/2017\/08\/IMG_20170621_164755-225x300.jpg 225w, http:\/\/sanbartolomeysanjaime.es\/wp-content\/uploads\/2017\/08\/IMG_20170621_164755-768x1024.jpg 768w, http:\/\/sanbartolomeysanjaime.es\/wp-content\/uploads\/2017\/08\/IMG_20170621_164755.jpg 1536w\" sizes=\"(max-width: 225px) 100vw, 225px\" \/><\/a><\/p>\n<h3><em><strong>Carta de presentaci\u00f3n de los Talleres de Expresi\u00f3n Art\u00edstica (Dibujo y Pintura) para j\u00f3venes.<\/strong><\/em><\/h3>\n<p><a href=\"http:\/\/sanbartolomeysanjaime.es\/wp-content\/uploads\/2016\/09\/Carta-de-presentaci\u00f3n-de-los-TEA-J\u00f3venes.pdf\">Presentaci\u00f3n del Taller<\/a><\/p>\n<h3>Solicitud de inscripci\u00f3n a los Talleres de Expresi\u00f3n Art\u00edstica (Dibujo y Pintura) para j\u00f3venes<\/h3>\n<p>&nbsp;<\/p>\n<h6>Para m\u00e1s informaci\u00f3n:<\/h6>\n<h6><a href=\"mailto:despacho@sanbartolomeysanjaime.es\" target=\"_blank\" rel=\"noopener noreferrer\"><u><span style=\"color: #a8a8a8;\">despacho@sanbartolomeysanjaime.es<\/span><\/u><\/a><\/h6>\n<p>Tel\u00e9fono: 964 67 05 41<\/p>\n<h6>Dios os bendiga<\/h6>\n<p><span style=\"color: #800000;\"><em><b><i><span class=\"t\">Jn 1, 36-39\u00a0 Fij\u00e1ndose en Jes\u00fas que pasaba, dice: \u00abHe ah\u00ed el Cordero de Dios.\u00bb <\/span><\/i><\/b><\/em><\/span><strong><span style=\"color: #800000;\"><span class=\"t\">Los dos disc\u00edpulos le oyeron hablar as\u00ed y siguieron a Jes\u00fas. <\/span><\/span><span style=\"color: #800000;\"><span class=\"t\">Jes\u00fas se volvi\u00f3, y al ver que le segu\u00edan les dice: \u00ab\u00bfQu\u00e9 busc\u00e1is?\u00bb Ellos le respondieron: \u00abRabb\u00ed &#8211; que quiere decir, \u00abMaestro\u00bb &#8211; \u00bfd\u00f3nde vives?\u00bb <\/span><\/span><span style=\"color: #800000;\"><span class=\"t\">Les respondi\u00f3: \u00abVenid y lo ver\u00e9is.\u00bb Fueron, pues, vieron d\u00f3nde viv\u00eda y se quedaron con \u00e9l aquel d\u00eda. Era m\u00e1s o menos la hora d\u00e9cima.<\/span><\/span><\/strong><\/p>\n<p><strong><em>\u00a0<\/em><\/strong><\/p>\n","protected":false},"excerpt":{"rendered":"<p>\u00a0 \u00a0\u00a1Vamos al encuentro de Jes\u00fas, con la Virgen Mar\u00eda, mientras dibujamos y pintamos! &nbsp; \u00a0\u00a0 \u00bfQuieres entender m\u00e1s y mejor el sentido de la vida? Quiz\u00e1s te lo est\u00e9s preguntando y<a class=\"moretag\" href=\"http:\/\/sanbartolomeysanjaime.es\/index.php\/nuestra-parroquia\/actividades-pastorales\/jovenes\/taller-de-expresion-artistica-para-jovenes-dibujo-y-pintura\/\">Leer m\u00e1s&#8230;<\/a><\/p>\n","protected":false},"author":1,"featured_media":0,"parent":822,"menu_order":0,"comment_status":"closed","ping_status":"closed","template":"","meta":{"footnotes":""},"_links":{"self":[{"href":"http:\/\/sanbartolomeysanjaime.es\/index.php\/wp-json\/wp\/v2\/pages\/942"}],"collection":[{"href":"http:\/\/sanbartolomeysanjaime.es\/index.php\/wp-json\/wp\/v2\/pages"}],"about":[{"href":"http:\/\/sanbartolomeysanjaime.es\/index.php\/wp-json\/wp\/v2\/types\/page"}],"author":[{"embeddable":true,"href":"http:\/\/sanbartolomeysanjaime.es\/index.php\/wp-json\/wp\/v2\/users\/1"}],"replies":[{"embeddable":true,"href":"http:\/\/sanbartolomeysanjaime.es\/index.php\/wp-json\/wp\/v2\/comments?post=942"}],"version-history":[{"count":20,"href":"http:\/\/sanbartolomeysanjaime.es\/index.php\/wp-json\/wp\/v2\/pages\/942\/revisions"}],"predecessor-version":[{"id":1583,"href":"http:\/\/sanbartolomeysanjaime.es\/index.php\/wp-json\/wp\/v2\/pages\/942\/revisions\/1583"}],"up":[{"embeddable":true,"href":"http:\/\/sanbartolomeysanjaime.es\/index.php\/wp-json\/wp\/v2\/pages\/822"}],"wp:attachment":[{"href":"http:\/\/sanbartolomeysanjaime.es\/index.php\/wp-json\/wp\/v2\/media?parent=942"}],"curies":[{"name":"wp","href":"https:\/\/api.w.org\/{rel}","templated":true}]}}